{"id":56,"date":"2016-12-11T03:14:34","date_gmt":"2016-12-11T03:14:34","guid":{"rendered":"http:\/\/tudatkulcs.hu\/karacsony\/?page_id=56"},"modified":"2016-12-13T00:28:18","modified_gmt":"2016-12-13T00:28:18","slug":"szeretet-unnepe-ajandekcsomagok","status":"publish","type":"page","link":"https:\/\/tudatkulcs.hu\/karacsony\/","title":{"rendered":"SZERETET \u00dcNNEPE AJ\u00c1ND\u00c9KCSOMAGOK"},"content":{"rendered":"<p>&nbsp;<\/p>\n<h3><strong><span style=\"color: #003300;\">Szeretettel Neked! \u2665<\/span><\/strong><\/h3>\n<p>&nbsp;<\/p>\n<h2><span style=\"color: #800000;\"><strong>KAR\u00c1CSONY KRIST\u00c1LYF\u00c9NYBEN: SZERELEM KARK\u00d6T\u0150 P\u00c1ROKNAK, ANYA-L\u00c1NYA KARK\u00d6T\u0150 \u00c9S BAR\u00c1TS\u00c1G KARK\u00d6T\u0150 -73% AKCI\u00d3!<\/strong><\/span><\/h2>\n<p><&nbsp;\n\n\n<h3><strong><span style=\"color: #003366;\">Ezek a csod\u00e1latos kark\u00f6t\u0151k Szeretetre vannak programozva \u00e9s felt\u00e9tel n\u00e9lk\u00fcli szeretettel vannak felt\u00f6ltve. A k\u00f6rnyezet\u00fckb\u0151l nem veszik fel a negat\u00edv rezg\u00e9seket, ez\u00e9rt a tiszta szeretet ter\u00e9t megtartj\u00e1k k\u00f6r\u00fcl\u00f6tted, folyamatosan tiszt\u00edtj\u00e1k az aur\u00e1d, harmoniz\u00e1lnak \u00e9s szeretettel t\u00f6ltik meg az \u00e9leted!<\/span><\/strong><\/h3>\n<p>&nbsp;<\/p>\n<h3><span style=\"color: #800000;\"><strong>A mostani akci\u00f3 kiv\u00e9teles!!!<\/strong><\/span><\/h3>\n<p>&nbsp;<\/p>\n<h3><span style=\"color: #003366;\"><strong>2 db kark\u00f6t\u0151 + 2 db aj\u00e1nd\u00e9k k\u0151: csak 11.490 Ft (-74%!!!) december 16-ig!<\/strong><\/span><\/h3>\n<p>&nbsp;<br \/>\n<strong>Mi\u00e9rt adom ilyen olcs\u00f3n? <\/strong><span style=\"color: #003300;\">Az\u00e9rt, mert szeretn\u00e9m, hogy a Szeretet \u00dcnnepe ne a k\u00f6ltekez\u00e9sr\u0151l sz\u00f3ljon \u00e9s az igazi szeretet jegy\u00e9ben teljen! Szeretn\u00e9m, ha min\u00e9l t\u00f6bben megtapasztaln\u00e1k a krist\u00e1lyok seg\u00edt\u0151, harmoniz\u00e1l\u00f3 hat\u00e1s\u00e1t, ezzel seg\u00edtve, hogy min\u00e9l t\u00f6bb\u00fcnk \u00e9letmin\u0151s\u00e9ge javuljon! \u00c9n ezzel a csomaggal szeretn\u00e9k Kar\u00e1csonyra \u00f6r\u00f6met szerezni Neked \u00e9s megk\u00f6sz\u00f6nni, hogy eg\u00e9sz \u00e9vben velem tartott\u00e1l! Az akci\u00f3t december 16-\u00e1n lez\u00e1rjuk.<\/span><br \/>\n&nbsp;<\/p>\n<h3><strong><span style=\"color: #003366;\">SZERETET. \u00dcNNEP. F\u00c9NY. \u00d6R\u00d6M. HARM\u00d3NIA. \u00c1RAML\u00c1S. \u00c1LD\u00c1S.<\/span><\/strong><\/h3>\n<p>&nbsp;<\/p>\n<h3><span style=\"color: #003300;\"><strong>A legszebb aj\u00e1nd\u00e9k Nektek: nemcsak sz\u00e9p, hanem hasznos seg\u00edt\u0151t\u00e1rs eg\u00e9sz \u00e9vben!<\/strong><\/span><\/h3>\n<p>&nbsp;<\/p>\n<h3><span style=\"color: #003300;\"><strong><span style=\"color: #800000;\">* P\u00e1roknak<\/span> (szeretet \u00e9s szerelem) \u2013 2 db, egy n\u0151i \u00e9s egy f\u00e9rfi kark\u00f6t\u0151 2017. \u00e1sv\u00e1ny\u00e1val:  tigrisszem krist\u00e1lyokb\u00f3l + aj\u00e1nd\u00e9k p\u00e9nzvonz\u00f3 k\u0151 p\u00e9nzt\u00e1rc\u00e1ba + aj\u00e1nd\u00e9k szerencsevonz\u00f3 k\u0151! &#8211; 44.000 Ft \u00e9rt\u00e9k\u0171 csomag mind\u00f6ssze 11.490 Ft ingyenes belf\u00f6ldi sz\u00e1ll\u00edt\u00e1ssal!<\/strong><\/span><\/h3>\n<p>&nbsp;<\/p>\n<h2><span style=\"color: #800000;\"><a style=\"color: #800000;\" href=\"https:\/\/goo.gl\/forms\/EWUDoEZjF4UMXwO13\">&gt;&gt; IGEN!!! K\u00c9REM!!!<\/a><\/span><\/h2>\n<p>&nbsp;<\/p>\n<h3><span style=\"color: #003300;\"><strong><span style=\"color: #800000;\">* Anya &#8211; l\u00e1nya kark\u00f6t\u0151k<\/span> (szeretet \u00e9s harm\u00f3nia) \u2013 2 db, egy nagyobb szem\u0171 (8 mm) \u00e9s egy picit kisebb szem\u0171 (6 mm) r\u00f3zsakvarc \u00e9s hegyikrist\u00e1ly \u00e1sv\u00e1nyokb\u00f3l k\u00e9sz\u00edtett kark\u00f6t\u0151 apr\u00f3 d\u00edszekkel + aj\u00e1nd\u00e9k p\u00e9nzvonz\u00f3 k\u0151 p\u00e9nzt\u00e1rc\u00e1ba + aj\u00e1nd\u00e9k szerencsevonz\u00f3 k\u0151! &#8211; 44.000 Ft \u00e9rt\u00e9k\u0171 csomag mind\u00f6ssze 11.490 Ft ingyenes belf\u00f6ldi sz\u00e1ll\u00edt\u00e1ssal!<br \/>\n&nbsp;<\/p>\n<h2><span style=\"color: #800000;\"><a style=\"color: #800000;\" href=\"https:\/\/goo.gl\/forms\/EWUDoEZjF4UMXwO13\">&gt;&gt; IGEN!!! K\u00c9REM!!!<\/a><\/span><\/h2>\n<p>&nbsp;<br \/>\n<\/strong><\/span><\/h3>\n<h3><span style=\"color: #003300;\"><strong><span style=\"color: #800000;\">* Bar\u00e1ts\u00e1g kark\u00f6t\u0151k<\/span> (szeretet \u00e9s bar\u00e1ts\u00e1g) &#8211; <\/strong><\/span><span style=\"color: #003300;\"><strong>2 db, teljesen egyforma bar\u00e1ts\u00e1g krist\u00e1ly kark\u00f6t\u0151 tigrisszem \u00e9s hegyikrist\u00e1ly \u00e1sv\u00e1nyokb\u00f3l, ez\u00fcst sz\u00edn\u0171 enyh\u00e9n csill\u00e1mos goly\u00f3kkal d\u00edsz\u00edtve\u00a0<\/strong><\/span><span style=\"color: #003300;\"><strong>+ aj\u00e1nd\u00e9k p\u00e9nzvonz\u00f3 k\u0151 p\u00e9nzt\u00e1rc\u00e1ba + aj\u00e1nd\u00e9k szerencsevonz\u00f3 k\u0151! &#8211; 44.000 Ft \u00e9rt\u00e9k\u0171 csomag mind\u00f6ssze 11.490 Ft ingyenes belf\u00f6ldi sz\u00e1ll\u00edt\u00e1ssal!<\/strong><\/span><\/h3>\n<p>&nbsp;<\/p>\n<h2><span style=\"color: #800000;\"><a style=\"color: #800000;\" href=\"https:\/\/goo.gl\/forms\/EWUDoEZjF4UMXwO13\">&gt;&gt; IGEN!!! K\u00c9REM!!!<\/a><\/span><\/h2>\n<p>&nbsp;<br \/>\n<img loading=\"lazy\" class=\"aligncenter size-full wp-image-49\" src=\"http:\/\/tudatkulcs.hu\/karacsony\/wp-content\/uploads\/2016\/12\/tigrisszem.jpg\" alt=\"\" width=\"960\" height=\"720\" srcset=\"https:\/\/tudatkulcs.hu\/karacsony\/wp-content\/uploads\/2016\/12\/tigrisszem.jpg 960w, https:\/\/tudatkulcs.hu\/karacsony\/wp-content\/uploads\/2016\/12\/tigrisszem-300x225.jpg 300w, https:\/\/tudatkulcs.hu\/karacsony\/wp-content\/uploads\/2016\/12\/tigrisszem-768x576.jpg 768w, https:\/\/tudatkulcs.hu\/karacsony\/wp-content\/uploads\/2016\/12\/tigrisszem-825x619.jpg 825w\" sizes=\"(max-width: 960px) 100vw, 960px\" \/><br \/>\n&nbsp;<\/p>\n<h3><strong>A P\u00c1ROS KARK\u00d6T\u0150K KRIST\u00c1LYAI<\/strong><\/h3>\n<p>A krist\u00e1lygy\u00f3gy\u00e1szatban az al\u00e1bbi hat\u00e1sokat tulajdon\u00edtjuk a f\u00e9ldr\u00e1gak\u00f6veknek:<br \/>\n&nbsp;<br \/>\n<strong>hegyikrist\u00e1ly<\/strong> \u2013 a legf\u0151bb gy\u00f3gy\u00edt\u00f3 krist\u00e1lyk\u00e9nt tartj\u00e1k sz\u00e1mon. Folyamatosan tiszt\u00edtja az aur\u00e1t, emeli a szellemi- \u00e9s fizikai szintet. Ezt v\u00e1laszd, amennyiben probl\u00e9m\u00e1idra megold\u00e1st szeretn\u00e9l tal\u00e1lni. Csakra: koronacsakra, torokcsakra<\/p>\n<p><strong>r\u00f3zsakvarc<\/strong> \u2013 a szeretet \u00e1sv\u00e1nya, szerelemvonz\u00f3, emellett kiv\u00e1l\u00f3 seg\u00edt\u0151 a szerelmi probl\u00e9m\u00e1k megold\u00e1s\u00e1ban. Kapcsolat jav\u00edt\u00f3. Teremt\u0151 er\u0151t, s\u0151t , sz\u00fcks\u00e9g eset\u00e9n a term\u00e9kenys\u00e9get is fokozza! Csakra: sz\u00edvcsakra<\/p>\n<p><strong>tigrisszem<\/strong> \u2013 2017. a Nap \u00e9ve, a tigrisszem az \u00e9v krist\u00e1lya! Biztons\u00e1g, harm\u00f3nia, v\u00e9delem. F\u00e1jdalomcsillap\u00edt\u00e1sra is alkalmazz\u00e1k a krist\u00e1lygy\u00f3gy\u00e1szatban. Csakra: napfonat csakra, torok csakra<\/p>\n<p>&nbsp;<\/p>\n<h2><span style=\"color: #003300;\"><strong>Nagyon n\u00e9pszer\u0171ek \u00e9s \u00e1ltal\u00e1ban n\u00e9h\u00e1ny \u00f3ra alatt elfogynak a limit\u00e1lt csomagjaink, \u00e9ppez\u00e9rt cselekedj gyorsan, mert ilyen aj\u00e1nlat nem lesz!<\/strong><\/span><\/h2>\n<p>&nbsp;<\/p>\n<h2><span style=\"color: #800000;\"><a style=\"color: #800000;\" href=\"https:\/\/goo.gl\/forms\/EWUDoEZjF4UMXwO13\">&gt;&gt; IGEN!!! K\u00c9REM!!!<\/a><\/span><\/h2>\n<p>&nbsp;<\/p>\n<p><img loading=\"lazy\" class=\"aligncenter size-large wp-image-5\" src=\"http:\/\/tudatkulcs.hu\/karacsony\/wp-content\/uploads\/2016\/12\/beads-168969_1920-1024x683.jpg\" alt=\"\" width=\"640\" height=\"427\" srcset=\"https:\/\/tudatkulcs.hu\/karacsony\/wp-content\/uploads\/2016\/12\/beads-168969_1920-1024x683.jpg 1024w, https:\/\/tudatkulcs.hu\/karacsony\/wp-content\/uploads\/2016\/12\/beads-168969_1920-300x200.jpg 300w, https:\/\/tudatkulcs.hu\/karacsony\/wp-content\/uploads\/2016\/12\/beads-168969_1920-768x512.jpg 768w, https:\/\/tudatkulcs.hu\/karacsony\/wp-content\/uploads\/2016\/12\/beads-168969_1920.jpg 1920w\" sizes=\"(max-width: 640px) 100vw, 640px\" \/><\/p>\n<p>&nbsp;<\/p>\n<h3><strong><span style=\"color: #003300;\">MOST IS \u00c9RV\u00c9NYES A DUPLA GARANCIA \u2013 p\u00e9nzvisszafizet\u00e9si garancia!!!<\/span><\/strong><\/h3>\n<p>A krist\u00e1lyok <strong>eredetis\u00e9g\u00e9re garanci\u00e1t v\u00e1llalok,<\/strong> s ezen t\u00falmen\u0151en a saj\u00e1t t\u00f6bb, mint egy \u00e9ves tapasztalataim, az eddigi v\u00e1s\u00e1rl\u00f3im pozit\u00edv visszajelz\u00e9sei alapj\u00e1n <strong>annyira biztosra veszem, hogy Neked is seg\u00edtenek<\/strong> a programozott krist\u00e1lyok, hogy <strong>p\u00e9nzvisszafizet\u00e9si garanci\u00e1t v\u00e1llalok<\/strong> arra, hogy amennyiben a v\u00e1s\u00e1rl\u00e1st\u00f3l sz\u00e1m\u00edtott 3 h\u00f3nap alatt semmilyen pozit\u00edv v\u00e1ltoz\u00e1st, el\u0151rel\u00e9p\u00e9st nem tapasztalsz az \u00e9letedben, azesetben a 3. h\u00f3nap v\u00e9g\u00e9n, amennyiben visszak\u00fcld\u00f6d nekem a term\u00e9ket \u00e9s a v\u00e1s\u00e1rl\u00e1st igazol\u00f3 sz\u00e1ml\u00e1t, k\u00e9rd\u00e9s n\u00e9lk\u00fcl visszafizetem a mostani v\u00e9tel\u00e1rat!<\/p>\n<p>&nbsp;<\/p>\n<h3><strong>Hogyan hatnak a programozott krist\u00e1lyok?<\/strong><\/h3>\n<p>Az \u00e1sv\u00e1nyok abban t\u00e1mogatnak benn\u00fcnket, hogy a <strong>rezg\u00e9seink ism\u00e9t harmonikuss\u00e1 v\u00e1ljanak.<\/strong> A programozott krist\u00e1lyok c\u00e9lir\u00e1nyosan seg\u00edtenek ebben. Teh\u00e1t fizikailag &#8220;nem csin\u00e1lnak semmit&#8221;, hanem finomenergi\u00e1ikkal harmonikuss\u00e1 alak\u00edtj\u00e1k a diszharmonikus rezg\u00e9seket, valamint az alap programjuknak \u00e9s a bel\u00e9j\u00fck programozott inform\u00e1ci\u00f3knak megfelel\u0151en \u00e1talak\u00edtj\u00e1k a rezg\u00e9seinket \u00fagy, hogy felold\u00f3djanak blokkjaink, felismerj\u00fck a lehet\u0151s\u00e9geket \u00e9s ezut\u00e1n meg\u00e9lj\u00fck a pozit\u00edv v\u00e1ltoz\u00e1st.<\/p>\n<p>&nbsp;<\/p>\n<h3><strong>Mi\u00e9rt fontos, hogy otthonunkban megtiszt\u00edtott \u00e9s programozott krist\u00e1lyokat tartsunk?<\/strong><\/h3>\n<p><strong>Mert a krist\u00e1lyok azokat a rezg\u00e9seket, melyek k\u00f6r\u00fclveszik \u0151ket, megtartj\u00e1k \u00e9s azt sug\u00e1rozz\u00e1k ki magukb\u00f3l.<\/strong> \u00c9ppen ez\u00e9rt fontos, hogy megfelel\u0151en legyenek <strong>megtiszt\u00edtva,<\/strong> miel\u0151tt megv\u00e1s\u00e1roljuk \u0151ket \u00e9s a programoz\u00e1ssal <strong>elker\u00fclhet\u0151v\u00e9 v\u00e1lik az is, hogy felvegyen m\u00e1s rezg\u00e9seket<\/strong> a k\u00e9s\u0151bbiekben! Nem utols\u00f3sorban pedig \u00edgy <strong>harmoniz\u00e1lhatjuk \u00e9s er\u0151s\u00edthetj\u00fck<\/strong> azokat az \u00e9letter\u00fcleteinket, ahol elakad\u00e1st tapasztalunk.<\/p>\n<p>&nbsp;<\/p>\n<h3><strong>Mi\u00e9rt \u00e9ri meg kifejezetten Tudatkulcs programozott \u00e1sv\u00e1nyt rendelni?<\/strong><\/h3>\n<p><strong>Az\u00e9rt aj\u00e1nlom figyelmedbe a krist\u00e1lyaimat,<\/strong> mert \u00e9n magam is \u00e9vek \u00f3ta haszn\u00e1lom \u0151ket \u00e9s <strong>\u00e9rzem \u00e1ld\u00e1sos hat\u00e1sukat!<\/strong> A programozott krist\u00e1lyok m\u00e1r t\u00f6bb, mint egy \u00e9ve t\u00e1mogatnak abban, hogy harmonikus \u00e9rz\u00e9sekkel \u00e9ljem a mindennapjaim, felismer\u00e9sekkel gazdag\u00edtanak, seg\u00edtenek abban, hogy <strong>felismerjem \u00e9s megragadjam a jobbn\u00e1l jobb lehet\u0151s\u00e9geket \u00e9s fejl\u0151djem.<\/strong><\/p>\n<p>Mindegyik \u00e1sv\u00e1ny, amit megtiszt\u00edt\u00e1s ut\u00e1n programozok, <strong>term\u00e9szetes \u00e9s eredeti,<\/strong> olyan sz\u00e1ll\u00edt\u00f3t\u00f3l v\u00e1s\u00e1rolom, aki garanci\u00e1t v\u00e1llal az eredetis\u00e9g\u00fckre.<\/p>\n<p>A Krist\u00e1lykulcs krist\u00e1lykark\u00f6t\u0151it, krist\u00e1lyszettjeit minden esetben <strong>\u00e9n magam k\u00e9sz\u00edtem \u00e9s programozom<\/strong> egy harmonikus, szeretetteljes t\u00e9rben. Teh\u00e1t nem tucat \u00e1ru \u00e9s r\u00e1ad\u00e1sul <strong>dupla garanci\u00e1t v\u00e1llalok<\/strong> ezekre a krist\u00e1ly term\u00e9kekre! Err\u0151l fentebb olvashatt\u00e1l.<\/p>\n<p>&nbsp;<\/p>\n<p><img loading=\"lazy\" class=\"aligncenter size-full wp-image-51\" src=\"http:\/\/tudatkulcs.hu\/karacsony\/wp-content\/uploads\/2016\/12\/P\u00e9nzvonz\u00f3-p\u00e9nz\u00e1raml\u00e1st-seg\u00edt\u0151-krist\u00e1ly-kark\u00f6t\u0151k.jpg\" alt=\"\" width=\"960\" height=\"720\" srcset=\"https:\/\/tudatkulcs.hu\/karacsony\/wp-content\/uploads\/2016\/12\/P\u00e9nzvonz\u00f3-p\u00e9nz\u00e1raml\u00e1st-seg\u00edt\u0151-krist\u00e1ly-kark\u00f6t\u0151k.jpg 960w, https:\/\/tudatkulcs.hu\/karacsony\/wp-content\/uploads\/2016\/12\/P\u00e9nzvonz\u00f3-p\u00e9nz\u00e1raml\u00e1st-seg\u00edt\u0151-krist\u00e1ly-kark\u00f6t\u0151k-300x225.jpg 300w, https:\/\/tudatkulcs.hu\/karacsony\/wp-content\/uploads\/2016\/12\/P\u00e9nzvonz\u00f3-p\u00e9nz\u00e1raml\u00e1st-seg\u00edt\u0151-krist\u00e1ly-kark\u00f6t\u0151k-768x576.jpg 768w, https:\/\/tudatkulcs.hu\/karacsony\/wp-content\/uploads\/2016\/12\/P\u00e9nzvonz\u00f3-p\u00e9nz\u00e1raml\u00e1st-seg\u00edt\u0151-krist\u00e1ly-kark\u00f6t\u0151k-825x619.jpg 825w\" sizes=\"(max-width: 960px) 100vw, 960px\" \/><\/p>\n<p>&nbsp;<\/p>\n<p><strong>A krist\u00e1lyprogramoz\u00e1st alap, majd halad\u00f3 szinten is elsaj\u00e1t\u00edtottam<\/strong> (ez a legmagasabb min\u0151s\u00edt\u00e9s jelenleg), ezenfel\u00fcl <strong>okleveles krist\u00e1lygy\u00f3gy\u00e1sz is vagyok.<\/strong> Az \u00e1sv\u00e1nyok csod\u00e1latos hat\u00e1s\u00e1t teh\u00e1t nemcsak mint haszn\u00e1l\u00f3, hanem mint kezel\u0151 is tapasztalom a munk\u00e1m sor\u00e1n \u00e9s az \u00e9letemben.<\/p>\n<p><strong>Diplom\u00e1s asztrol\u00f3gusk\u00e9nt<\/strong> szem\u00e9lyre szabott szetteket k\u00e9sz\u00edtek sz\u00e1modra, hogy kibontakoztasd er\u0151forr\u00e1said!<\/p>\n<p><strong>Theta Healing konzulensk\u00e9nt<\/strong> az eg\u00e9sz folyamat alatt a tiszta szeretet ter\u00e9ben v\u00e9gzem a munk\u00e1mat, ami sz\u00e1momra nem is munka, hanem szeretettel v\u00e9gzett hivat\u00e1s.<br \/>\n&nbsp;<br \/>\n<strong><br \/>\nMI\u00c9RT V\u00c1LASZD A SZERETET \u00dcNNEPE KARK\u00d6T\u0150KET? <strong><br \/>\n&nbsp;<br \/>\n<strong><br \/>\n\u2022 szeretetre vannak programozva<br \/>\n\u2022 felt\u00e9tel n\u00e9lk\u00fcli szeretettel vannak felt\u00f6ltve<br \/>\n\u2022 szeretetre hangolnak<br \/>\n\u2022 szeretetteljes teret teremtenek<br \/>\n\u2022 a krist\u00e1lynak tulajdon\u00edtott hat\u00e1sok is \u00e9rv\u00e9nyes\u00fclnek<br \/>\n\u2022 a k\u00f6rnyezet\u00fckb\u0151l m\u00e1s rezg\u00e9st nem vesznek fel! <strong><br \/>\n&nbsp;<br \/>\n<iframe loading=\"lazy\" src=\"https:\/\/docs.google.com\/forms\/d\/e\/1FAIpQLSfK_mUqErRB9X6474zG2PKLexOx8gtUC_fiIg8DtC-F_VWcjw\/viewform?embedded=true\" width=\"760\" height=\"2200\" frameborder=\"0\" marginheight=\"0\" marginwidth=\"0\">Bet\u00f6lt\u00e9s&#8230;<\/iframe><br \/>\n&nbsp;<\/p>\n","protected":false},"excerpt":{"rendered":"<p>&nbsp; Szeretettel Neked! \u2665 &nbsp; KAR\u00c1CSONY KRIST\u00c1LYF\u00c9NYBEN: SZERELEM KARK\u00d6T\u0150 P\u00c1ROKNAK, ANYA-L\u00c1NYA KARK\u00d6T\u0150 \u00c9S BAR\u00c1TS\u00c1G KARK\u00d6T\u0150 -73% AKCI\u00d3!<\/p>\n","protected":false},"author":1,"featured_media":0,"parent":0,"menu_order":0,"comment_status":"closed","ping_status":"closed","template":"","meta":[],"_links":{"self":[{"href":"https:\/\/tudatkulcs.hu\/karacsony\/wp-json\/wp\/v2\/pages\/56"}],"collection":[{"href":"https:\/\/tudatkulcs.hu\/karacsony\/wp-json\/wp\/v2\/pages"}],"about":[{"href":"https:\/\/tudatkulcs.hu\/karacsony\/wp-json\/wp\/v2\/types\/page"}],"author":[{"embeddable":true,"href":"https:\/\/tudatkulcs.hu\/karacsony\/wp-json\/wp\/v2\/users\/1"}],"replies":[{"embeddable":true,"href":"https:\/\/tudatkulcs.hu\/karacsony\/wp-json\/wp\/v2\/comments?post=56"}],"version-history":[{"count":16,"href":"https:\/\/tudatkulcs.hu\/karacsony\/wp-json\/wp\/v2\/pages\/56\/revisions"}],"predecessor-version":[{"id":72,"href":"https:\/\/tudatkulcs.hu\/karacsony\/wp-json\/wp\/v2\/pages\/56\/revisions\/72"}],"wp:attachment":[{"href":"https:\/\/tudatkulcs.hu\/karacsony\/wp-json\/wp\/v2\/media?parent=56"}],"curies":[{"name":"wp","href":"https:\/\/api.w.org\/{rel}","templated":true}]}}